{"id":1587,"date":"2024-03-01T13:49:11","date_gmt":"2024-03-01T13:49:11","guid":{"rendered":"http:\/\/new.atriumautomobile.de\/startseite-atrium-automobile\/"},"modified":"2024-04-23T14:20:07","modified_gmt":"2024-04-23T14:20:07","slug":"startseite-atrium-automobile","status":"publish","type":"page","link":"https:\/\/atriumautomobile.de\/de\/","title":{"rendered":"Startseite &#8211; Atrium Automobile"},"content":{"rendered":"\t\t<div data-elementor-type=\"wp-page\" data-elementor-id=\"1587\" class=\"elementor elementor-1587 elementor-446\" data-elementor-post-type=\"page\">\n\t\t\t\t<div class=\"elementor-element elementor-element-3b49986 e-con-full e-flex e-con e-parent\" data-id=\"3b49986\" data-element_type=\"container\" data-e-type=\"container\" data-settings=\"{&quot;background_background&quot;:&quot;classic&quot;}\">\n\t\t\t\t<div class=\"elementor-element elementor-element-c1907d6 elementor--h-position-center elementor--v-position-middle elementor-widget elementor-widget-slides\" data-id=\"c1907d6\" data-element_type=\"widget\" data-e-type=\"widget\" data-settings=\"{&quot;navigation&quot;:&quot;none&quot;,&quot;transition&quot;:&quot;fade&quot;,&quot;autoplay&quot;:&quot;yes&quot;,&quot;pause_on_hover&quot;:&quot;yes&quot;,&quot;pause_on_interaction&quot;:&quot;yes&quot;,&quot;autoplay_speed&quot;:5000,&quot;infinite&quot;:&quot;yes&quot;,&quot;transition_speed&quot;:500}\" data-widget_type=\"slides.default\">\n\t\t\t\t<div class=\"elementor-widget-container\">\n\t\t\t\t\t\t\t\t\t<div class=\"elementor-swiper\">\n\t\t\t\t\t<div class=\"elementor-slides-wrapper elementor-main-swiper swiper\" role=\"region\" aria-roledescription=\"carousel\" aria-label=\"Slides\" dir=\"ltr\" data-animation=\"fadeInLeft\">\n\t\t\t\t<div class=\"swiper-wrapper elementor-slides\">\n\t\t\t\t\t\t\t\t\t\t<div class=\"elementor-repeater-item-f399e5f swiper-slide\" role=\"group\" aria-roledescription=\"slide\"><div class=\"swiper-slide-bg\" role=\"img\" aria-label=\"Atrium Automobile-header\"><\/div><div class=\"elementor-background-overlay\"><\/div><div class=\"swiper-slide-inner\" ><div class=\"swiper-slide-contents\"><div class=\"elementor-slide-heading\">NEUWAGEN ONLINE KAUFEN<\/div><div class=\"elementor-slide-description\">Bis zu <b>-40% sparen<\/b> beim Neuwagenkauf<br>\nDie besten Neuwagen-Angebote<\/div><a href=\"https:\/\/atriumautomobile.de\/de\/neuwagen\/\" class=\"elementor-button elementor-slide-button elementor-size-sm\">Alle Neuwagen anzeigen<\/a><\/div><\/div><\/div><div class=\"elementor-repeater-item-c8ef533 swiper-slide\" role=\"group\" aria-roledescription=\"slide\"><div class=\"swiper-slide-bg\" role=\"img\" aria-label=\"Atrium Automobile-header\"><\/div><div class=\"elementor-background-overlay\"><\/div><div class=\"swiper-slide-inner\" ><div class=\"swiper-slide-contents\"><div class=\"elementor-slide-heading\">GEBRAUCHTWAGEN ONLINE KAUFEN<\/div><div class=\"elementor-slide-description\">Kauf dein Auto einfach online!<br>\nFinanzierung, Garantie und Lieferung<\/div><a href=\"https:\/\/atriumautomobile.de\/de\/gebrauchtfahrzeuge\/\" class=\"elementor-button elementor-slide-button elementor-size-sm\">Alle Gebrauchtwagen anzeigen<\/a><\/div><\/div><\/div>\t\t\t\t<\/div>\n\t\t\t\t\t\t\t\t\t\t\t\t\t\t\t\t\t\t\t\t\t<\/div>\n\t\t\t\t<\/div>\n\t\t\t\t\t\t\t\t<\/div>\n\t\t\t\t<\/div>\n\t\t\t\t<\/div>\n\t\t<div class=\"elementor-element elementor-element-9c700f1 e-flex e-con-boxed e-con e-parent\" data-id=\"9c700f1\" data-element_type=\"container\" data-e-type=\"container\">\n\t\t\t\t\t<div class=\"e-con-inner\">\n\t\t\t\t<div class=\"elementor-element elementor-element-7ec6555 elementor-widget elementor-widget-heading\" data-id=\"7ec6555\" data-element_type=\"widget\" data-e-type=\"widget\" data-widget_type=\"heading.default\">\n\t\t\t\t<div class=\"elementor-widget-container\">\n\t\t\t\t\t<h1 class=\"elementor-heading-title elementor-size-default\">Atrium Automobile -  EU-Neuwagen und Gebrauchtwagen<\/h1>\t\t\t\t<\/div>\n\t\t\t\t<\/div>\n\t\t\t\t<div class=\"elementor-element elementor-element-4d2697a elementor-widget elementor-widget-text-editor\" data-id=\"4d2697a\" data-element_type=\"widget\" data-e-type=\"widget\" data-widget_type=\"text-editor.default\">\n\t\t\t\t<div class=\"elementor-widget-container\">\n\t\t\t\t\t\t\t\t\t<p>Sonderangebote f\u00fcr Neu- und Gebrauchtwagen und Leasing<\/p>\t\t\t\t\t\t\t\t<\/div>\n\t\t\t\t<\/div>\n\t\t\t\t\t<\/div>\n\t\t\t\t<\/div>\n\t\t<div class=\"elementor-element elementor-element-696e98c e-flex e-con-boxed e-con e-parent\" data-id=\"696e98c\" data-element_type=\"container\" data-e-type=\"container\">\n\t\t\t\t\t<div class=\"e-con-inner\">\n\t\t\t\t<div class=\"elementor-element elementor-element-190c586 elementor-widget elementor-widget-text-editor\" data-id=\"190c586\" data-element_type=\"widget\" data-e-type=\"widget\" data-widget_type=\"text-editor.default\">\n\t\t\t\t<div class=\"elementor-widget-container\">\n\t\t\t\t\t\t\t\t\t<p>Mit \u00fcber 20 Jahren Erfahrung sind wir ein zuverl\u00e4ssiger Partner f\u00fcr den Autokauf und damit verbundene Dienstleistungen wie Finanzierung und Leasing. Tausende von Kunden haben sich mit uns ihren Neuwagen-Traum erf\u00fcllt. Mit unserem breiten Angebot an sofort verf\u00fcgbaren Neu- und Gebrauchtwagen k\u00f6nnen Sie ohne lange Wartezeit schnell und kosteng\u00fcnstig wieder auf die Stra\u00dfe.<\/p>\t\t\t\t\t\t\t\t<\/div>\n\t\t\t\t<\/div>\n\t\t\t\t\t<\/div>\n\t\t\t\t<\/div>\n\t\t<div class=\"elementor-element elementor-element-2fcc3cb e-flex e-con-boxed e-con e-parent\" data-id=\"2fcc3cb\" data-element_type=\"container\" data-e-type=\"container\">\n\t\t\t\t\t<div class=\"e-con-inner\">\n\t\t\t\t<div class=\"elementor-element elementor-element-fe86704 elementor-widget elementor-widget-heading\" data-id=\"fe86704\" data-element_type=\"widget\" data-e-type=\"widget\" data-widget_type=\"heading.default\">\n\t\t\t\t<div class=\"elementor-widget-container\">\n\t\t\t\t\t<h2 class=\"elementor-heading-title elementor-size-default\">EU-Neuwagen und hochwertige Gebrauchtwagen<\/h2>\t\t\t\t<\/div>\n\t\t\t\t<\/div>\n\t\t\t\t<div class=\"elementor-element elementor-element-eea8a7c elementor-widget elementor-widget-text-editor\" data-id=\"eea8a7c\" data-element_type=\"widget\" data-e-type=\"widget\" data-widget_type=\"text-editor.default\">\n\t\t\t\t<div class=\"elementor-widget-container\">\n\t\t\t\t\t\t\t\t\t<p>Ihre Mobilit\u00e4tstr\u00e4ume beginnen hier &#8211; Starten Sie jetzt!<\/p>\t\t\t\t\t\t\t\t<\/div>\n\t\t\t\t<\/div>\n\t\t\t\t\t<\/div>\n\t\t\t\t<\/div>\n\t\t<div class=\"elementor-element elementor-element-0a62e7d e-flex e-con-boxed e-con e-parent\" data-id=\"0a62e7d\" data-element_type=\"container\" data-e-type=\"container\">\n\t\t\t\t\t<div class=\"e-con-inner\">\n\t\t<div class=\"elementor-element elementor-element-5452106 e-con-full e-flex e-con e-child\" data-id=\"5452106\" data-element_type=\"container\" data-e-type=\"container\">\n\t\t\t\t<div class=\"elementor-element elementor-element-ae8d46a elementor-widget elementor-widget-text-editor\" data-id=\"ae8d46a\" data-element_type=\"widget\" data-e-type=\"widget\" data-widget_type=\"text-editor.default\">\n\t\t\t\t<div class=\"elementor-widget-container\">\n\t\t\t\t\t\t\t\t\t<p>Atrium Automobile &#8211; Ihr Autoh\u00e4ndler des Vertrauens f\u00fcr EU-Neuwagen und hochwertige Gebrauchtwagen. Wir sind Ihr Mobilit\u00e4tsanbieter erster Wahl f\u00fcr alles rund um Autokauf &#8211; Leasing &#8211; Finanzierung. W\u00e4hlen Sie eines unserer Hunderte von EU-Fahrzeugen, die wir auf Lager haben und sofort liefern k\u00f6nnen, oder bestellen Sie Ihr Traumauto mit unserem personalisierten Neuwagenkonfigurator. <br \/>Und das Beste daran: Es gibt keine versteckten Kosten! Unsere Verkaufspreise sind Endpreise und enthalten die Mehrwertsteuer.<\/p>\t\t\t\t\t\t\t\t<\/div>\n\t\t\t\t<\/div>\n\t\t\t\t<div class=\"elementor-element elementor-element-bfc6f98 elementor-widget elementor-widget-text-editor\" data-id=\"bfc6f98\" data-element_type=\"widget\" data-e-type=\"widget\" data-widget_type=\"text-editor.default\">\n\t\t\t\t<div class=\"elementor-widget-container\">\n\t\t\t\t\t\t\t\t\t<p>Herstellergarantie, Qualit\u00e4t und Sicherheit unserer EU-Neufahrzeuge entsprechen den gleichen Standards, wie Fahrzeuge vom deutschen Vertragshandel.<\/p>\t\t\t\t\t\t\t\t<\/div>\n\t\t\t\t<\/div>\n\t\t\t\t<\/div>\n\t\t<div class=\"elementor-element elementor-element-aec1f3e e-con-full e-flex e-con e-child\" data-id=\"aec1f3e\" data-element_type=\"container\" data-e-type=\"container\">\n\t\t\t\t<div class=\"elementor-element elementor-element-7ba4c99 dce_masking-none elementor-widget elementor-widget-image\" data-id=\"7ba4c99\" data-element_type=\"widget\" data-e-type=\"widget\" data-widget_type=\"image.default\">\n\t\t\t\t<div class=\"elementor-widget-container\">\n\t\t\t\t\t\t\t\t\t\t\t\t\t\t\t<img fetchpriority=\"high\" decoding=\"async\" width=\"800\" height=\"505\" src=\"https:\/\/atriumautomobile.de\/wp-content\/uploads\/2024\/03\/Atrium-Automobile-magyar-autokereskedes-1-1024x646.webp\" class=\"attachment-large size-large wp-image-2558\" alt=\"\" srcset=\"https:\/\/atriumautomobile.de\/wp-content\/uploads\/2024\/03\/Atrium-Automobile-magyar-autokereskedes-1-1024x646.webp 1024w, https:\/\/atriumautomobile.de\/wp-content\/uploads\/2024\/03\/Atrium-Automobile-magyar-autokereskedes-1-300x189.webp 300w, https:\/\/atriumautomobile.de\/wp-content\/uploads\/2024\/03\/Atrium-Automobile-magyar-autokereskedes-1-768x484.webp 768w, https:\/\/atriumautomobile.de\/wp-content\/uploads\/2024\/03\/Atrium-Automobile-magyar-autokereskedes-1.webp 1110w\" sizes=\"(max-width: 800px) 100vw, 800px\">\t\t\t\t\t\t\t\t\t\t\t\t\t\t\t<\/div>\n\t\t\t\t<\/div>\n\t\t\t\t<\/div>\n\t\t\t\t\t<\/div>\n\t\t\t\t<\/div>\n\t\t<div class=\"elementor-element elementor-element-cc1a5d3 e-flex e-con-boxed e-con e-parent\" data-id=\"cc1a5d3\" data-element_type=\"container\" data-e-type=\"container\">\n\t\t\t\t\t<div class=\"e-con-inner\">\n\t\t\t\t<div class=\"elementor-element elementor-element-ff5e980 elementor-widget elementor-widget-text-editor\" data-id=\"ff5e980\" data-element_type=\"widget\" data-e-type=\"widget\" data-widget_type=\"text-editor.default\">\n\t\t\t\t<div class=\"elementor-widget-container\">\n\t\t\t\t\t\t\t\t\t<p>Durch die EG-\u00dcbereinstimmungsbescheinigung (COC) k\u00f6nnen die EU Fahrzeuge problemlos sofort zugelassen werden \u2013 diese ist nat\u00fcrlich stets inbegriffen. Inspektionen oder Garantiereparaturen werden von jeder Vertragswerkstatt der jeweiligen Marke vor Ort durchgef\u00fchrt. Jedes unserer EU-Fahrzeuge erh\u00e4lt 3 Jahre EU Neuwagen-T\u00dcV.<\/p>\t\t\t\t\t\t\t\t<\/div>\n\t\t\t\t<\/div>\n\t\t\t\t<div class=\"elementor-element elementor-element-227f25d elementor-widget elementor-widget-text-editor\" data-id=\"227f25d\" data-element_type=\"widget\" data-e-type=\"widget\" data-widget_type=\"text-editor.default\">\n\t\t\t\t<div class=\"elementor-widget-container\">\n\t\t\t\t\t\t\t\t\t<p>Als erster Ansprechpartner f\u00fcr EU-Neuwagen und hochwertige deutsche Gebrauchtwagen sind wir einer der Marktf\u00fchrer in Deutschland. Wir bieten Ihnen umfassende L\u00f6sungen, die \u00e4u\u00dferst kosteneffizient sind und mit einem exzellenten Kundenservice kombiniert werden, damit Sie schnell Ihr Wunschfahrzeug erhalten.<\/p>\t\t\t\t\t\t\t\t<\/div>\n\t\t\t\t<\/div>\n\t\t\t\t<div data-dce-background-color=\"#C1121F\" class=\"elementor-element elementor-element-6f6cd45 elementor-widget elementor-widget-button\" data-id=\"6f6cd45\" data-element_type=\"widget\" data-e-type=\"widget\" data-widget_type=\"button.default\">\n\t\t\t\t<div class=\"elementor-widget-container\">\n\t\t\t\t\t\t\t\t\t<div class=\"elementor-button-wrapper\">\n\t\t\t\t\t<a class=\"elementor-button elementor-button-link elementor-size-sm\" href=\"https:\/\/atriumautomobile.de\/de\/uber-uns\/\">\n\t\t\t\t\t\t<span class=\"elementor-button-content-wrapper\">\n\t\t\t\t\t\t\t\t\t<span class=\"elementor-button-text\">Mehr Info<\/span>\n\t\t\t\t\t<\/span>\n\t\t\t\t\t<\/a>\n\t\t\t\t<\/div>\n\t\t\t\t\t\t\t\t<\/div>\n\t\t\t\t<\/div>\n\t\t\t\t<div class=\"elementor-element elementor-element-ab8eb00 elementor-widget-divider--view-line elementor-widget elementor-widget-divider\" data-id=\"ab8eb00\" data-element_type=\"widget\" data-e-type=\"widget\" data-widget_type=\"divider.default\">\n\t\t\t\t<div class=\"elementor-widget-container\">\n\t\t\t\t\t\t\t<div class=\"elementor-divider\">\n\t\t\t<span class=\"elementor-divider-separator\">\n\t\t\t\t\t\t<\/span>\n\t\t<\/div>\n\t\t\t\t\t\t<\/div>\n\t\t\t\t<\/div>\n\t\t\t\t\t<\/div>\n\t\t\t\t<\/div>\n\t\t<div class=\"elementor-element elementor-element-965a240 e-flex e-con-boxed e-con e-parent\" data-id=\"965a240\" data-element_type=\"container\" data-e-type=\"container\" data-settings=\"{&quot;background_background&quot;:&quot;classic&quot;}\">\n\t\t\t\t\t<div class=\"e-con-inner\">\n\t\t<div class=\"elementor-element elementor-element-6b2322b e-con-full e-flex e-con e-child\" data-id=\"6b2322b\" data-element_type=\"container\" data-e-type=\"container\">\n\t\t<div class=\"elementor-element elementor-element-db6ff62 e-flex e-con-boxed e-con e-child\" data-id=\"db6ff62\" data-element_type=\"container\" data-e-type=\"container\">\n\t\t\t\t\t<div class=\"e-con-inner\">\n\t\t\t\t<div class=\"elementor-element elementor-element-d0d6bfe elementor-widget elementor-widget-heading\" data-id=\"d0d6bfe\" data-element_type=\"widget\" data-e-type=\"widget\" data-widget_type=\"heading.default\">\n\t\t\t\t<div class=\"elementor-widget-container\">\n\t\t\t\t\t<h2 class=\"elementor-heading-title elementor-size-default\">Autokauf Angebote<\/h2>\t\t\t\t<\/div>\n\t\t\t\t<\/div>\n\t\t\t\t\t<\/div>\n\t\t\t\t<\/div>\n\t\t\t\t<div class=\"elementor-element elementor-element-987c80f dce_masking-none elementor-widget elementor-widget-image\" data-id=\"987c80f\" data-element_type=\"widget\" data-e-type=\"widget\" data-widget_type=\"image.default\">\n\t\t\t\t<div class=\"elementor-widget-container\">\n\t\t\t\t\t\t\t\t\t\t\t\t\t\t\t<img decoding=\"async\" src=\"https:\/\/atriumautomobile.de\/wp-content\/uploads\/2024\/03\/Auto-vasarlas-Nemetorszagban-1.webp\" title=\"\" alt=\"\" loading=\"lazy\">\t\t\t\t\t\t\t\t\t\t\t\t\t\t\t<\/div>\n\t\t\t\t<\/div>\n\t\t\t\t<\/div>\n\t\t<div class=\"elementor-element elementor-element-95bd857 e-con-full e-flex e-con e-child\" data-id=\"95bd857\" data-element_type=\"container\" data-e-type=\"container\">\n\t\t\t\t<div class=\"elementor-element elementor-element-76a147e elementor-align-start elementor-icon-list--layout-traditional elementor-list-item-link-full_width elementor-widget elementor-widget-icon-list\" data-id=\"76a147e\" data-element_type=\"widget\" data-e-type=\"widget\" data-widget_type=\"icon-list.default\">\n\t\t\t\t<div class=\"elementor-widget-container\">\n\t\t\t\t\t\t\t<ul class=\"elementor-icon-list-items\">\n\t\t\t\t\t\t\t<li class=\"elementor-icon-list-item\">\n\t\t\t\t\t\t\t\t\t\t\t<span class=\"elementor-icon-list-icon\">\n\t\t\t\t\t\t\t<svg aria-hidden=\"true\" class=\"e-font-icon-svg e-fas-check\" viewBox=\"0 0 512 512\" xmlns=\"http:\/\/www.w3.org\/2000\/svg\"><path d=\"M173.898 439.404l-166.4-166.4c-9.997-9.997-9.997-26.206 0-36.204l36.203-36.204c9.997-9.998 26.207-9.998 36.204 0L192 312.69 432.095 72.596c9.997-9.997 26.207-9.997 36.204 0l36.203 36.204c9.997 9.997 9.997 26.206 0 36.204l-294.4 294.401c-9.998 9.997-26.207 9.997-36.204-.001z\"><\/path><\/svg>\t\t\t\t\t\t<\/span>\n\t\t\t\t\t\t\t\t\t\t<span class=\"elementor-icon-list-text\">Gro\u00dfe Auswahl an Neu- und Gebrauchtwagen direkt ab Lager<\/span>\n\t\t\t\t\t\t\t\t\t<\/li>\n\t\t\t\t\t\t\t\t<li class=\"elementor-icon-list-item\">\n\t\t\t\t\t\t\t\t\t\t\t<span class=\"elementor-icon-list-icon\">\n\t\t\t\t\t\t\t<svg aria-hidden=\"true\" class=\"e-font-icon-svg e-fas-check\" viewBox=\"0 0 512 512\" xmlns=\"http:\/\/www.w3.org\/2000\/svg\"><path d=\"M173.898 439.404l-166.4-166.4c-9.997-9.997-9.997-26.206 0-36.204l36.203-36.204c9.997-9.998 26.207-9.998 36.204 0L192 312.69 432.095 72.596c9.997-9.997 26.207-9.997 36.204 0l36.203 36.204c9.997 9.997 9.997 26.206 0 36.204l-294.4 294.401c-9.998 9.997-26.207 9.997-36.204-.001z\"><\/path><\/svg>\t\t\t\t\t\t<\/span>\n\t\t\t\t\t\t\t\t\t\t<span class=\"elementor-icon-list-text\">Umfangreiche Fahrzeugausstattung<\/span>\n\t\t\t\t\t\t\t\t\t<\/li>\n\t\t\t\t\t\t\t\t<li class=\"elementor-icon-list-item\">\n\t\t\t\t\t\t\t\t\t\t\t<span class=\"elementor-icon-list-icon\">\n\t\t\t\t\t\t\t<svg aria-hidden=\"true\" class=\"e-font-icon-svg e-fas-check\" viewBox=\"0 0 512 512\" xmlns=\"http:\/\/www.w3.org\/2000\/svg\"><path d=\"M173.898 439.404l-166.4-166.4c-9.997-9.997-9.997-26.206 0-36.204l36.203-36.204c9.997-9.998 26.207-9.998 36.204 0L192 312.69 432.095 72.596c9.997-9.997 26.207-9.997 36.204 0l36.203 36.204c9.997 9.997 9.997 26.206 0 36.204l-294.4 294.401c-9.998 9.997-26.207 9.997-36.204-.001z\"><\/path><\/svg>\t\t\t\t\t\t<\/span>\n\t\t\t\t\t\t\t\t\t\t<span class=\"elementor-icon-list-text\">Garantieverl\u00e4ngerungen um bis zu 4 weitere Jahre<\/span>\n\t\t\t\t\t\t\t\t\t<\/li>\n\t\t\t\t\t\t\t\t<li class=\"elementor-icon-list-item\">\n\t\t\t\t\t\t\t\t\t\t\t<span class=\"elementor-icon-list-icon\">\n\t\t\t\t\t\t\t<svg aria-hidden=\"true\" class=\"e-font-icon-svg e-fas-check\" viewBox=\"0 0 512 512\" xmlns=\"http:\/\/www.w3.org\/2000\/svg\"><path d=\"M173.898 439.404l-166.4-166.4c-9.997-9.997-9.997-26.206 0-36.204l36.203-36.204c9.997-9.998 26.207-9.998 36.204 0L192 312.69 432.095 72.596c9.997-9.997 26.207-9.997 36.204 0l36.203 36.204c9.997 9.997 9.997 26.206 0 36.204l-294.4 294.401c-9.998 9.997-26.207 9.997-36.204-.001z\"><\/path><\/svg>\t\t\t\t\t\t<\/span>\n\t\t\t\t\t\t\t\t\t\t<span class=\"elementor-icon-list-text\">Sehr g\u00fcnstige und unb\u00fcrokratische Finanzierung<\/span>\n\t\t\t\t\t\t\t\t\t<\/li>\n\t\t\t\t\t\t\t\t<li class=\"elementor-icon-list-item\">\n\t\t\t\t\t\t\t\t\t\t\t<span class=\"elementor-icon-list-icon\">\n\t\t\t\t\t\t\t<svg aria-hidden=\"true\" class=\"e-font-icon-svg e-fas-check\" viewBox=\"0 0 512 512\" xmlns=\"http:\/\/www.w3.org\/2000\/svg\"><path d=\"M173.898 439.404l-166.4-166.4c-9.997-9.997-9.997-26.206 0-36.204l36.203-36.204c9.997-9.998 26.207-9.998 36.204 0L192 312.69 432.095 72.596c9.997-9.997 26.207-9.997 36.204 0l36.203 36.204c9.997 9.997 9.997 26.206 0 36.204l-294.4 294.401c-9.998 9.997-26.207 9.997-36.204-.001z\"><\/path><\/svg>\t\t\t\t\t\t<\/span>\n\t\t\t\t\t\t\t\t\t\t<span class=\"elementor-icon-list-text\">Individuelle Konfiguration m\u00f6glich<\/span>\n\t\t\t\t\t\t\t\t\t<\/li>\n\t\t\t\t\t\t<\/ul>\n\t\t\t\t\t\t<\/div>\n\t\t\t\t<\/div>\n\t\t\t\t<\/div>\n\t\t\t\t\t<\/div>\n\t\t\t\t<\/div>\n\t\t<div class=\"elementor-element elementor-element-eef1258 e-flex e-con-boxed e-con e-parent\" data-id=\"eef1258\" data-element_type=\"container\" data-e-type=\"container\">\n\t\t\t\t\t<div class=\"e-con-inner\">\n\t\t\t\t<div class=\"elementor-element elementor-element-ebe20f5 elementor-widget elementor-widget-heading\" data-id=\"ebe20f5\" data-element_type=\"widget\" data-e-type=\"widget\" data-widget_type=\"heading.default\">\n\t\t\t\t<div class=\"elementor-widget-container\">\n\t\t\t\t\t<h3 class=\"elementor-heading-title elementor-size-default\">Neufahrzeuge auf Lager<\/h3>\t\t\t\t<\/div>\n\t\t\t\t<\/div>\n\t\t\t\t\t<\/div>\n\t\t\t\t<\/div>\n\t\t\t\t<section class=\"elementor-section elementor-top-section elementor-element elementor-element-67713d1 elementor-section-boxed elementor-section-height-default elementor-section-height-default\" data-id=\"67713d1\" data-element_type=\"section\" data-e-type=\"section\">\n\t\t\t\t\t\t<div class=\"elementor-container elementor-column-gap-default\">\n\t\t\t\t\t<div class=\"elementor-column elementor-col-100 elementor-top-column elementor-element elementor-element-84fe8f4\" data-id=\"84fe8f4\" data-element_type=\"column\" data-e-type=\"column\">\n\t\t\t<div class=\"elementor-widget-wrap elementor-element-populated\">\n\t\t\t\t\t\t<section class=\"elementor-section elementor-inner-section elementor-element elementor-element-5cf1e95 elementor-section-boxed elementor-section-height-default elementor-section-height-default\" data-id=\"5cf1e95\" data-element_type=\"section\" data-e-type=\"section\">\n\t\t\t\t\t\t<div class=\"elementor-container elementor-column-gap-custom\">\n\t\t\t\t\t<div class=\"elementor-column elementor-col-33 elementor-inner-column elementor-element elementor-element-80cc4b9\" data-id=\"80cc4b9\" data-element_type=\"column\" data-e-type=\"column\">\n\t\t\t<div class=\"elementor-widget-wrap elementor-element-populated\">\n\t\t\t\t\t\t<div class=\"elementor-element elementor-element-70934ee dce_masking-none elementor-widget elementor-widget-image\" data-id=\"70934ee\" data-element_type=\"widget\" data-e-type=\"widget\" data-widget_type=\"image.default\">\n\t\t\t\t<div class=\"elementor-widget-container\">\n\t\t\t\t\t\t\t\t\t\t\t\t<figure class=\"wp-caption\">\n\t\t\t\t\t\t\t\t\t\t\t<a href=\"https:\/\/atriumautomobile.de\/wp-content\/uploads\/2024\/03\/Skoda-EU-Neuwagen-1.webp\" data-elementor-open-lightbox=\"yes\" data-elementor-lightbox-title=\"Skoda EU-Neuwagen\" data-elementor-lightbox-description=\"Skoda EU-Neuwagen bestellbar\" data-e-action-hash=\"#elementor-action%3Aaction%3Dlightbox%26settings%3DeyJpZCI6Mjc0OCwidXJsIjoiaHR0cHM6XC9cL2F0cml1bWF1dG9tb2JpbGUuZGVcL3dwLWNvbnRlbnRcL3VwbG9hZHNcLzIwMjRcLzAzXC9Ta29kYS1FVS1OZXV3YWdlbi0xLndlYnAifQ%3D%3D\">\n\t\t\t\t\t\t\t<img decoding=\"async\" width=\"800\" height=\"534\" src=\"https:\/\/atriumautomobile.de\/wp-content\/uploads\/2024\/03\/Skoda-EU-Neuwagen-1-1024x684.webp\" class=\"attachment-large size-large wp-image-2748\" alt=\"Skoda EU-Neuwagen\" srcset=\"https:\/\/atriumautomobile.de\/wp-content\/uploads\/2024\/03\/Skoda-EU-Neuwagen-1-1024x684.webp 1024w, https:\/\/atriumautomobile.de\/wp-content\/uploads\/2024\/03\/Skoda-EU-Neuwagen-1-300x200.webp 300w, https:\/\/atriumautomobile.de\/wp-content\/uploads\/2024\/03\/Skoda-EU-Neuwagen-1-768x513.webp 768w, https:\/\/atriumautomobile.de\/wp-content\/uploads\/2024\/03\/Skoda-EU-Neuwagen-1-1536x1026.webp 1536w, https:\/\/atriumautomobile.de\/wp-content\/uploads\/2024\/03\/Skoda-EU-Neuwagen-1-2048x1368.webp 2048w\" sizes=\"(max-width: 800px) 100vw, 800px\" \/>\t\t\t\t\t\t\t\t<\/a>\n\t\t\t\t\t\t\t\t\t\t\t<figcaption class=\"widget-image-caption wp-caption-text\">Skoda Octavia Limousine<\/figcaption>\n\t\t\t\t\t\t\t\t\t\t<\/figure>\n\t\t\t\t\t\t\t\t\t<\/div>\n\t\t\t\t<\/div>\n\t\t\t\t<div class=\"elementor-element elementor-element-41bb199 elementor-widget elementor-widget-text-editor\" data-id=\"41bb199\" data-element_type=\"widget\" data-e-type=\"widget\" data-widget_type=\"text-editor.default\">\n\t\t\t\t<div class=\"elementor-widget-container\">\n\t\t\t\t\t\t\t\t\t<p>Skoda Octavia Ambition 1.0 TSI 110 PS DSG<br \/>Limousine<br \/>110 PS | 999 ccm | Automatikgetriebe<br \/>5.4l\/100km | 122g\/km CO2<br \/>Effizienzklasse A<\/p>\t\t\t\t\t\t\t\t<\/div>\n\t\t\t\t<\/div>\n\t\t<div class=\"elementor-element elementor-element-8a052ea e-flex e-con-boxed e-con e-parent\" data-id=\"8a052ea\" data-element_type=\"container\" data-e-type=\"container\">\n\t\t\t\t\t<div class=\"e-con-inner\">\n\t\t\t\t<div data-dce-background-color=\"#595959\" class=\"elementor-element elementor-element-06f45c5 elementor-widget__width-auto elementor-widget elementor-widget-button\" data-id=\"06f45c5\" data-element_type=\"widget\" data-e-type=\"widget\" data-widget_type=\"button.default\">\n\t\t\t\t<div class=\"elementor-widget-container\">\n\t\t\t\t\t\t\t\t\t<div class=\"elementor-button-wrapper\">\n\t\t\t\t\t<a class=\"elementor-button elementor-size-xs\" role=\"button\">\n\t\t\t\t\t\t<span class=\"elementor-button-content-wrapper\">\n\t\t\t\t\t\t\t\t\t<span class=\"elementor-button-text\">23.350,-\u20ac<\/span>\n\t\t\t\t\t<\/span>\n\t\t\t\t\t<\/a>\n\t\t\t\t<\/div>\n\t\t\t\t\t\t\t\t<\/div>\n\t\t\t\t<\/div>\n\t\t\t\t<div data-dce-background-color=\"#C1121F\" class=\"elementor-element elementor-element-08589c5 elementor-widget elementor-widget-button\" data-id=\"08589c5\" data-element_type=\"widget\" data-e-type=\"widget\" data-widget_type=\"button.default\">\n\t\t\t\t<div class=\"elementor-widget-container\">\n\t\t\t\t\t\t\t\t\t<div class=\"elementor-button-wrapper\">\n\t\t\t\t\t<a class=\"elementor-button elementor-button-link elementor-size-xs\" href=\"mailto:ujauto@nemetorszagiautovasarlas.de\">\n\t\t\t\t\t\t<span class=\"elementor-button-content-wrapper\">\n\t\t\t\t\t\t<span class=\"elementor-button-icon\">\n\t\t\t\t<svg aria-hidden=\"true\" class=\"e-font-icon-svg e-fas-angle-right\" viewBox=\"0 0 256 512\" xmlns=\"http:\/\/www.w3.org\/2000\/svg\"><path d=\"M224.3 273l-136 136c-9.4 9.4-24.6 9.4-33.9 0l-22.6-22.6c-9.4-9.4-9.4-24.6 0-33.9l96.4-96.4-96.4-96.4c-9.4-9.4-9.4-24.6 0-33.9L54.3 103c9.4-9.4 24.6-9.4 33.9 0l136 136c9.5 9.4 9.5 24.6.1 34z\"><\/path><\/svg>\t\t\t<\/span>\n\t\t\t\t\t\t\t\t\t<span class=\"elementor-button-text\">Mehr Info <\/span>\n\t\t\t\t\t<\/span>\n\t\t\t\t\t<\/a>\n\t\t\t\t<\/div>\n\t\t\t\t\t\t\t\t<\/div>\n\t\t\t\t<\/div>\n\t\t\t\t\t<\/div>\n\t\t\t\t<\/div>\n\t\t\t\t\t<\/div>\n\t\t<\/div>\n\t\t\t\t<div class=\"elementor-column elementor-col-33 elementor-inner-column elementor-element elementor-element-59351bf\" data-id=\"59351bf\" data-element_type=\"column\" data-e-type=\"column\">\n\t\t\t<div class=\"elementor-widget-wrap elementor-element-populated\">\n\t\t\t\t\t\t<div class=\"elementor-element elementor-element-84a0ead dce_masking-none elementor-widget elementor-widget-image\" data-id=\"84a0ead\" data-element_type=\"widget\" data-e-type=\"widget\" data-widget_type=\"image.default\">\n\t\t\t\t<div class=\"elementor-widget-container\">\n\t\t\t\t\t\t\t\t\t\t\t\t<figure class=\"wp-caption\">\n\t\t\t\t\t\t\t\t\t\t<img decoding=\"async\" width=\"800\" height=\"534\" src=\"https:\/\/atriumautomobile.de\/wp-content\/uploads\/2024\/03\/Audi-EU-Neuwagen-1024x684.webp\" class=\"attachment-large size-large wp-image-2750\" alt=\"Audi EU-Neuwagen\" srcset=\"https:\/\/atriumautomobile.de\/wp-content\/uploads\/2024\/03\/Audi-EU-Neuwagen-1024x684.webp 1024w, https:\/\/atriumautomobile.de\/wp-content\/uploads\/2024\/03\/Audi-EU-Neuwagen-300x200.webp 300w, https:\/\/atriumautomobile.de\/wp-content\/uploads\/2024\/03\/Audi-EU-Neuwagen-768x513.webp 768w, https:\/\/atriumautomobile.de\/wp-content\/uploads\/2024\/03\/Audi-EU-Neuwagen-1536x1026.webp 1536w, https:\/\/atriumautomobile.de\/wp-content\/uploads\/2024\/03\/Audi-EU-Neuwagen-2048x1368.webp 2048w\" sizes=\"(max-width: 800px) 100vw, 800px\" \/>\t\t\t\t\t\t\t\t\t\t\t<figcaption class=\"widget-image-caption wp-caption-text\">Audi A4<\/figcaption>\n\t\t\t\t\t\t\t\t\t\t<\/figure>\n\t\t\t\t\t\t\t\t\t<\/div>\n\t\t\t\t<\/div>\n\t\t\t\t<div class=\"elementor-element elementor-element-27b7280 elementor-widget elementor-widget-text-editor\" data-id=\"27b7280\" data-element_type=\"widget\" data-e-type=\"widget\" data-widget_type=\"text-editor.default\">\n\t\t\t\t<div class=\"elementor-widget-container\">\n\t\t\t\t\t\t\t\t\t<p>Audi A4 2.0TDI ABT S-line Quattro\u00a0<br \/>Kombi<br \/>235 PS | 1968 ccm | Automatikgetriebe<br \/>4.7l\/100km | 123\/km CO2<br \/>Effizienzklasse A<\/p>\t\t\t\t\t\t\t\t<\/div>\n\t\t\t\t<\/div>\n\t\t<div class=\"elementor-element elementor-element-d882000 e-flex e-con-boxed e-con e-parent\" data-id=\"d882000\" data-element_type=\"container\" data-e-type=\"container\">\n\t\t\t\t\t<div class=\"e-con-inner\">\n\t\t\t\t<div data-dce-background-color=\"#595959\" class=\"elementor-element elementor-element-ae6def0 elementor-widget__width-auto elementor-widget elementor-widget-button\" data-id=\"ae6def0\" data-element_type=\"widget\" data-e-type=\"widget\" data-widget_type=\"button.default\">\n\t\t\t\t<div class=\"elementor-widget-container\">\n\t\t\t\t\t\t\t\t\t<div class=\"elementor-button-wrapper\">\n\t\t\t\t\t<a class=\"elementor-button elementor-size-xs\" role=\"button\">\n\t\t\t\t\t\t<span class=\"elementor-button-content-wrapper\">\n\t\t\t\t\t\t\t\t\t<span class=\"elementor-button-text\">54.671,-\u20ac<\/span>\n\t\t\t\t\t<\/span>\n\t\t\t\t\t<\/a>\n\t\t\t\t<\/div>\n\t\t\t\t\t\t\t\t<\/div>\n\t\t\t\t<\/div>\n\t\t\t\t<div data-dce-background-color=\"#C1121F\" class=\"elementor-element elementor-element-d8c8c81 elementor-widget elementor-widget-button\" data-id=\"d8c8c81\" data-element_type=\"widget\" data-e-type=\"widget\" data-widget_type=\"button.default\">\n\t\t\t\t<div class=\"elementor-widget-container\">\n\t\t\t\t\t\t\t\t\t<div class=\"elementor-button-wrapper\">\n\t\t\t\t\t<a class=\"elementor-button elementor-button-link elementor-size-xs\" href=\"mailto:ujauto@nemetorszagiautovasarlas.de\">\n\t\t\t\t\t\t<span class=\"elementor-button-content-wrapper\">\n\t\t\t\t\t\t<span class=\"elementor-button-icon\">\n\t\t\t\t<svg aria-hidden=\"true\" class=\"e-font-icon-svg e-fas-angle-right\" viewBox=\"0 0 256 512\" xmlns=\"http:\/\/www.w3.org\/2000\/svg\"><path d=\"M224.3 273l-136 136c-9.4 9.4-24.6 9.4-33.9 0l-22.6-22.6c-9.4-9.4-9.4-24.6 0-33.9l96.4-96.4-96.4-96.4c-9.4-9.4-9.4-24.6 0-33.9L54.3 103c9.4-9.4 24.6-9.4 33.9 0l136 136c9.5 9.4 9.5 24.6.1 34z\"><\/path><\/svg>\t\t\t<\/span>\n\t\t\t\t\t\t\t\t\t<span class=\"elementor-button-text\">Mehr Info<\/span>\n\t\t\t\t\t<\/span>\n\t\t\t\t\t<\/a>\n\t\t\t\t<\/div>\n\t\t\t\t\t\t\t\t<\/div>\n\t\t\t\t<\/div>\n\t\t\t\t\t<\/div>\n\t\t\t\t<\/div>\n\t\t\t\t\t<\/div>\n\t\t<\/div>\n\t\t\t\t<div class=\"elementor-column elementor-col-33 elementor-inner-column elementor-element elementor-element-8d0d18e\" data-id=\"8d0d18e\" data-element_type=\"column\" data-e-type=\"column\">\n\t\t\t<div class=\"elementor-widget-wrap elementor-element-populated\">\n\t\t\t\t\t\t<div class=\"elementor-element elementor-element-c7001d5 dce_masking-none elementor-widget elementor-widget-image\" data-id=\"c7001d5\" data-element_type=\"widget\" data-e-type=\"widget\" data-widget_type=\"image.default\">\n\t\t\t\t<div class=\"elementor-widget-container\">\n\t\t\t\t\t\t\t\t\t\t\t\t<figure class=\"wp-caption\">\n\t\t\t\t\t\t\t\t\t\t<img loading=\"lazy\" decoding=\"async\" width=\"800\" height=\"534\" src=\"https:\/\/atriumautomobile.de\/wp-content\/uploads\/2024\/03\/Volkswagen-EU-Neuwagen-1-1024x684.webp\" class=\"attachment-large size-large wp-image-2752\" alt=\"Volkswagen EU-Neuwagen\" srcset=\"https:\/\/atriumautomobile.de\/wp-content\/uploads\/2024\/03\/Volkswagen-EU-Neuwagen-1-1024x684.webp 1024w, https:\/\/atriumautomobile.de\/wp-content\/uploads\/2024\/03\/Volkswagen-EU-Neuwagen-1-300x200.webp 300w, https:\/\/atriumautomobile.de\/wp-content\/uploads\/2024\/03\/Volkswagen-EU-Neuwagen-1-768x513.webp 768w, https:\/\/atriumautomobile.de\/wp-content\/uploads\/2024\/03\/Volkswagen-EU-Neuwagen-1-1536x1026.webp 1536w, https:\/\/atriumautomobile.de\/wp-content\/uploads\/2024\/03\/Volkswagen-EU-Neuwagen-1-2048x1368.webp 2048w\" sizes=\"(max-width: 800px) 100vw, 800px\" \/>\t\t\t\t\t\t\t\t\t\t\t<figcaption class=\"widget-image-caption wp-caption-text\">Volkswagen Passat Variant 2.0TDI<\/figcaption>\n\t\t\t\t\t\t\t\t\t\t<\/figure>\n\t\t\t\t\t\t\t\t\t<\/div>\n\t\t\t\t<\/div>\n\t\t\t\t<div class=\"elementor-element elementor-element-0776efd elementor-widget elementor-widget-text-editor\" data-id=\"0776efd\" data-element_type=\"widget\" data-e-type=\"widget\" data-widget_type=\"text-editor.default\">\n\t\t\t\t<div class=\"elementor-widget-container\">\n\t\t\t\t\t\t\t\t\t<p>Volkswagen Passat Variant 2.0 DSG Elegance<br \/>Kombi<br \/>199 PS | 1968 ccm | Automatikgetriebe<br \/>4.7l\/100km | 124g\/km CO2<br \/>Effizienzklasse A<\/p>\t\t\t\t\t\t\t\t<\/div>\n\t\t\t\t<\/div>\n\t\t<div class=\"elementor-element elementor-element-c9a7262 e-flex e-con-boxed e-con e-parent\" data-id=\"c9a7262\" data-element_type=\"container\" data-e-type=\"container\">\n\t\t\t\t\t<div class=\"e-con-inner\">\n\t\t\t\t<div data-dce-background-color=\"#595959\" class=\"elementor-element elementor-element-bb36be1 elementor-widget__width-auto elementor-widget elementor-widget-button\" data-id=\"bb36be1\" data-element_type=\"widget\" data-e-type=\"widget\" data-widget_type=\"button.default\">\n\t\t\t\t<div class=\"elementor-widget-container\">\n\t\t\t\t\t\t\t\t\t<div class=\"elementor-button-wrapper\">\n\t\t\t\t\t<a class=\"elementor-button elementor-size-xs\" role=\"button\">\n\t\t\t\t\t\t<span class=\"elementor-button-content-wrapper\">\n\t\t\t\t\t\t\t\t\t<span class=\"elementor-button-text\">42.604,-\u20ac<\/span>\n\t\t\t\t\t<\/span>\n\t\t\t\t\t<\/a>\n\t\t\t\t<\/div>\n\t\t\t\t\t\t\t\t<\/div>\n\t\t\t\t<\/div>\n\t\t\t\t<div data-dce-background-color=\"#C1121F\" class=\"elementor-element elementor-element-e3d18e6 elementor-widget elementor-widget-button\" data-id=\"e3d18e6\" data-element_type=\"widget\" data-e-type=\"widget\" data-widget_type=\"button.default\">\n\t\t\t\t<div class=\"elementor-widget-container\">\n\t\t\t\t\t\t\t\t\t<div class=\"elementor-button-wrapper\">\n\t\t\t\t\t<a class=\"elementor-button elementor-button-link elementor-size-xs\" href=\"mailto:ujauto@nemetorszagiautovasarlas.de\">\n\t\t\t\t\t\t<span class=\"elementor-button-content-wrapper\">\n\t\t\t\t\t\t<span class=\"elementor-button-icon\">\n\t\t\t\t<svg aria-hidden=\"true\" class=\"e-font-icon-svg e-fas-angle-right\" viewBox=\"0 0 256 512\" xmlns=\"http:\/\/www.w3.org\/2000\/svg\"><path d=\"M224.3 273l-136 136c-9.4 9.4-24.6 9.4-33.9 0l-22.6-22.6c-9.4-9.4-9.4-24.6 0-33.9l96.4-96.4-96.4-96.4c-9.4-9.4-9.4-24.6 0-33.9L54.3 103c9.4-9.4 24.6-9.4 33.9 0l136 136c9.5 9.4 9.5 24.6.1 34z\"><\/path><\/svg>\t\t\t<\/span>\n\t\t\t\t\t\t\t\t\t<span class=\"elementor-button-text\">Mehr Info<\/span>\n\t\t\t\t\t<\/span>\n\t\t\t\t\t<\/a>\n\t\t\t\t<\/div>\n\t\t\t\t\t\t\t\t<\/div>\n\t\t\t\t<\/div>\n\t\t\t\t\t<\/div>\n\t\t\t\t<\/div>\n\t\t\t\t\t<\/div>\n\t\t<\/div>\n\t\t\t\t\t<\/div>\n\t\t<\/section>\n\t\t\t\t<div class=\"elementor-element elementor-element-58ef4cd elementor-widget elementor-widget-spacer\" data-id=\"58ef4cd\" data-element_type=\"widget\" data-e-type=\"widget\" data-widget_type=\"spacer.default\">\n\t\t\t\t<div class=\"elementor-widget-container\">\n\t\t\t\t\t\t\t<div class=\"elementor-spacer\">\n\t\t\t<div class=\"elementor-spacer-inner\"><\/div>\n\t\t<\/div>\n\t\t\t\t\t\t<\/div>\n\t\t\t\t<\/div>\n\t\t\t\t<div data-dce-background-color=\"#C1121F\" class=\"elementor-element elementor-element-dbb9a5c elementor-align-center elementor-widget elementor-widget-button\" data-id=\"dbb9a5c\" data-element_type=\"widget\" data-e-type=\"widget\" data-widget_type=\"button.default\">\n\t\t\t\t<div class=\"elementor-widget-container\">\n\t\t\t\t\t\t\t\t\t<div class=\"elementor-button-wrapper\">\n\t\t\t\t\t<a class=\"elementor-button elementor-button-link elementor-size-sm\" href=\"https:\/\/atriumautomobile.de\/uj-jarmuvek\/\">\n\t\t\t\t\t\t<span class=\"elementor-button-content-wrapper\">\n\t\t\t\t\t\t\t\t\t<span class=\"elementor-button-text\">Entdecken Sie alle sofort verf\u00fcgbaren Neuwagen<\/span>\n\t\t\t\t\t<\/span>\n\t\t\t\t\t<\/a>\n\t\t\t\t<\/div>\n\t\t\t\t\t\t\t\t<\/div>\n\t\t\t\t<\/div>\n\t\t\t\t<div class=\"elementor-element elementor-element-9d4cea9 elementor-widget elementor-widget-spacer\" data-id=\"9d4cea9\" data-element_type=\"widget\" data-e-type=\"widget\" data-widget_type=\"spacer.default\">\n\t\t\t\t<div class=\"elementor-widget-container\">\n\t\t\t\t\t\t\t<div class=\"elementor-spacer\">\n\t\t\t<div class=\"elementor-spacer-inner\"><\/div>\n\t\t<\/div>\n\t\t\t\t\t\t<\/div>\n\t\t\t\t<\/div>\n\t\t\t\t\t<\/div>\n\t\t<\/div>\n\t\t\t\t\t<\/div>\n\t\t<\/section>\n\t\t<div class=\"elementor-element elementor-element-364d14c e-flex e-con-boxed e-con e-parent\" data-id=\"364d14c\" data-element_type=\"container\" data-e-type=\"container\">\n\t\t\t\t\t<div class=\"e-con-inner\">\n\t\t\t\t<div class=\"elementor-element elementor-element-9bc19bf elementor-widget elementor-widget-heading\" data-id=\"9bc19bf\" data-element_type=\"widget\" data-e-type=\"widget\" data-widget_type=\"heading.default\">\n\t\t\t\t<div class=\"elementor-widget-container\">\n\t\t\t\t\t<h3 class=\"elementor-heading-title elementor-size-default\">Sofort verf\u00fcgbare Gebrauchtwagen<\/h3>\t\t\t\t<\/div>\n\t\t\t\t<\/div>\n\t\t\t\t<div class=\"elementor-element elementor-element-d452efe elementor-widget elementor-widget-text-editor\" data-id=\"d452efe\" data-element_type=\"widget\" data-e-type=\"widget\" data-widget_type=\"text-editor.default\">\n\t\t\t\t<div class=\"elementor-widget-container\">\n\t\t\t\t\t\t\t\t\t<p>Entdecken Sie unsere Gebrauchtfahrzeuge, die Sie sofort abholen k\u00f6nnen!<\/p>\t\t\t\t\t\t\t\t<\/div>\n\t\t\t\t<\/div>\n\t\t\t\t\t<\/div>\n\t\t\t\t<\/div>\n\t\t\t\t<section class=\"elementor-section elementor-top-section elementor-element elementor-element-7d5ced6 elementor-section-boxed elementor-section-height-default elementor-section-height-default\" data-id=\"7d5ced6\" data-element_type=\"section\" data-e-type=\"section\">\n\t\t\t\t\t\t<div class=\"elementor-container elementor-column-gap-default\">\n\t\t\t\t\t<div class=\"elementor-column elementor-col-100 elementor-top-column elementor-element elementor-element-073d6ef\" data-id=\"073d6ef\" data-element_type=\"column\" data-e-type=\"column\">\n\t\t\t<div class=\"elementor-widget-wrap elementor-element-populated\">\n\t\t\t\t\t\t<section class=\"elementor-section elementor-inner-section elementor-element elementor-element-78fd8b1 elementor-section-boxed elementor-section-height-default elementor-section-height-default\" data-id=\"78fd8b1\" data-element_type=\"section\" data-e-type=\"section\">\n\t\t\t\t\t\t<div class=\"elementor-container elementor-column-gap-custom\">\n\t\t\t\t\t<div class=\"elementor-column elementor-col-33 elementor-inner-column elementor-element elementor-element-c9f5df3\" data-id=\"c9f5df3\" data-element_type=\"column\" data-e-type=\"column\">\n\t\t\t<div class=\"elementor-widget-wrap elementor-element-populated\">\n\t\t\t\t\t\t<div class=\"elementor-element elementor-element-773c4ac dce_masking-none elementor-widget elementor-widget-image\" data-id=\"773c4ac\" data-element_type=\"widget\" data-e-type=\"widget\" data-widget_type=\"image.default\">\n\t\t\t\t<div class=\"elementor-widget-container\">\n\t\t\t\t\t\t\t\t\t\t\t\t<figure class=\"wp-caption\">\n\t\t\t\t\t\t\t\t\t\t\t<a href=\"https:\/\/atriumautomobile.de\/wp-content\/uploads\/2024\/03\/Audi-A6-Limousine-50-TFSIe.webp\" data-elementor-open-lightbox=\"yes\" data-elementor-lightbox-title=\"Audi A6 Limousine 50 TFSIe\" data-e-action-hash=\"#elementor-action%3Aaction%3Dlightbox%26settings%3DeyJpZCI6MjQ3MywidXJsIjoiaHR0cHM6XC9cL2F0cml1bWF1dG9tb2JpbGUuZGVcL3dwLWNvbnRlbnRcL3VwbG9hZHNcLzIwMjRcLzAzXC9BdWRpLUE2LUxpbW91c2luZS01MC1URlNJZS53ZWJwIn0%3D\">\n\t\t\t\t\t\t\t<img loading=\"lazy\" decoding=\"async\" width=\"800\" height=\"534\" src=\"https:\/\/atriumautomobile.de\/wp-content\/uploads\/2024\/03\/Audi-A6-Limousine-50-TFSIe-1024x684.webp\" class=\"attachment-large size-large wp-image-2473\" alt=\"Audi A6 Limousine 50 TFSIe\" srcset=\"https:\/\/atriumautomobile.de\/wp-content\/uploads\/2024\/03\/Audi-A6-Limousine-50-TFSIe-1024x684.webp 1024w, https:\/\/atriumautomobile.de\/wp-content\/uploads\/2024\/03\/Audi-A6-Limousine-50-TFSIe-300x200.webp 300w, https:\/\/atriumautomobile.de\/wp-content\/uploads\/2024\/03\/Audi-A6-Limousine-50-TFSIe-768x513.webp 768w, https:\/\/atriumautomobile.de\/wp-content\/uploads\/2024\/03\/Audi-A6-Limousine-50-TFSIe-1536x1026.webp 1536w, https:\/\/atriumautomobile.de\/wp-content\/uploads\/2024\/03\/Audi-A6-Limousine-50-TFSIe-2048x1368.webp 2048w\" sizes=\"(max-width: 800px) 100vw, 800px\" \/>\t\t\t\t\t\t\t\t<\/a>\n\t\t\t\t\t\t\t\t\t\t\t<figcaption class=\"widget-image-caption wp-caption-text\">Audi A6<\/figcaption>\n\t\t\t\t\t\t\t\t\t\t<\/figure>\n\t\t\t\t\t\t\t\t\t<\/div>\n\t\t\t\t<\/div>\n\t\t\t\t<div class=\"elementor-element elementor-element-513c347 elementor-widget elementor-widget-text-editor\" data-id=\"513c347\" data-element_type=\"widget\" data-e-type=\"widget\" data-widget_type=\"text-editor.default\">\n\t\t\t\t<div class=\"elementor-widget-container\">\n\t\t\t\t\t\t\t\t\t<p><span class=\"data bold\">Audi A6 Limousine 50 TFSIe Design LED ACC Ambiente DAB Kamera Keyless 4 Zonen Clima NAVI Plug-In<\/span><span class=\"data\">Kombi <\/span><span class=\"data\">251 PS | 1984 ccm | Automatikgetriebe <\/span><span class=\"data\">0.0l\/100km | 42g\/km CO2<br \/>Effizienzklasse <\/span><span class=\"data\">Erstzulassung: 31.07.2020 <\/span><span class=\"data\">Laufleistung: 69.918km<\/span><\/p>\t\t\t\t\t\t\t\t<\/div>\n\t\t\t\t<\/div>\n\t\t<div class=\"elementor-element elementor-element-b4bc751 e-flex e-con-boxed e-con e-parent\" data-id=\"b4bc751\" data-element_type=\"container\" data-e-type=\"container\">\n\t\t\t\t\t<div class=\"e-con-inner\">\n\t\t\t\t<div data-dce-background-color=\"#595959\" class=\"elementor-element elementor-element-3ba742f elementor-widget__width-auto elementor-widget elementor-widget-button\" data-id=\"3ba742f\" data-element_type=\"widget\" data-e-type=\"widget\" data-widget_type=\"button.default\">\n\t\t\t\t<div class=\"elementor-widget-container\">\n\t\t\t\t\t\t\t\t\t<div class=\"elementor-button-wrapper\">\n\t\t\t\t\t<a class=\"elementor-button elementor-size-xs\" role=\"button\">\n\t\t\t\t\t\t<span class=\"elementor-button-content-wrapper\">\n\t\t\t\t\t\t\t\t\t<span class=\"elementor-button-text\">33.347,-\u20ac<\/span>\n\t\t\t\t\t<\/span>\n\t\t\t\t\t<\/a>\n\t\t\t\t<\/div>\n\t\t\t\t\t\t\t\t<\/div>\n\t\t\t\t<\/div>\n\t\t\t\t<div data-dce-background-color=\"#C1121F\" class=\"elementor-element elementor-element-f4e823c elementor-widget elementor-widget-button\" data-id=\"f4e823c\" data-element_type=\"widget\" data-e-type=\"widget\" data-widget_type=\"button.default\">\n\t\t\t\t<div class=\"elementor-widget-container\">\n\t\t\t\t\t\t\t\t\t<div class=\"elementor-button-wrapper\">\n\t\t\t\t\t<a class=\"elementor-button elementor-button-link elementor-size-xs\" href=\"mailto:info@atriumautomobile.de?subject=%C3%89rdekl%C5%91d%C3%A9s%20haszn%C3%A1lt%20j%C3%A1rm%C5%B1vel%20kapcsolatban&#038;body=%0AN%C3%A9v%3A%0ATelefonsz%C3%A1m%3A%0AE-mail%20c%C3%ADm%3A%0AV%C3%A1ros%3A%0A%0AMelyik%20j%C3%A1rm%C5%B1%20%C3%A9rdekli%3A%0AAudi%20A6%20Limousine%2050%20TFSIe%20Design%20LED%20ACC%20Ambiente%0AKeyless%204%20Zonen%20Clima%20NAVI%20Plug-InKombi%20251%20PS%20%7C%201984%20ccm%20%7C%20Automatikgetriebe%0AEls%C5%91%20forgalomba%20helyez%C3%A9s%3A%2031.07.2020%20%0AFut%C3%A1steljes%C3%ADtm%C3%A9ny%3A%2069.918km%0A%C3%81r%3A%2033.347%2C-%E2%82%AC\">\n\t\t\t\t\t\t<span class=\"elementor-button-content-wrapper\">\n\t\t\t\t\t\t<span class=\"elementor-button-icon\">\n\t\t\t\t<svg aria-hidden=\"true\" class=\"e-font-icon-svg e-fas-angle-right\" viewBox=\"0 0 256 512\" xmlns=\"http:\/\/www.w3.org\/2000\/svg\"><path d=\"M224.3 273l-136 136c-9.4 9.4-24.6 9.4-33.9 0l-22.6-22.6c-9.4-9.4-9.4-24.6 0-33.9l96.4-96.4-96.4-96.4c-9.4-9.4-9.4-24.6 0-33.9L54.3 103c9.4-9.4 24.6-9.4 33.9 0l136 136c9.5 9.4 9.5 24.6.1 34z\"><\/path><\/svg>\t\t\t<\/span>\n\t\t\t\t\t\t\t\t\t<span class=\"elementor-button-text\">Mehr Info <\/span>\n\t\t\t\t\t<\/span>\n\t\t\t\t\t<\/a>\n\t\t\t\t<\/div>\n\t\t\t\t\t\t\t\t<\/div>\n\t\t\t\t<\/div>\n\t\t\t\t\t<\/div>\n\t\t\t\t<\/div>\n\t\t\t\t\t<\/div>\n\t\t<\/div>\n\t\t\t\t<div class=\"elementor-column elementor-col-33 elementor-inner-column elementor-element elementor-element-dc06130\" data-id=\"dc06130\" data-element_type=\"column\" data-e-type=\"column\">\n\t\t\t<div class=\"elementor-widget-wrap elementor-element-populated\">\n\t\t\t\t\t\t<div class=\"elementor-element elementor-element-7998059 dce_masking-none elementor-widget elementor-widget-image\" data-id=\"7998059\" data-element_type=\"widget\" data-e-type=\"widget\" data-widget_type=\"image.default\">\n\t\t\t\t<div class=\"elementor-widget-container\">\n\t\t\t\t\t\t\t\t\t\t\t\t<figure class=\"wp-caption\">\n\t\t\t\t\t\t\t\t\t\t\t<a href=\"https:\/\/atriumautomobile.de\/wp-content\/uploads\/2024\/03\/BMW-430-Gran-Coupe-Sport-1.webp\" data-elementor-open-lightbox=\"yes\" data-elementor-lightbox-title=\"BMW 430 Gran Coupe\" data-elementor-lightbox-description=\"BMW 430 Gran Coupe Gebrauchtwagen\" data-e-action-hash=\"#elementor-action%3Aaction%3Dlightbox%26settings%3DeyJpZCI6MjU2MCwidXJsIjoiaHR0cHM6XC9cL2F0cml1bWF1dG9tb2JpbGUuZGVcL3dwLWNvbnRlbnRcL3VwbG9hZHNcLzIwMjRcLzAzXC9CTVctNDMwLUdyYW4tQ291cGUtU3BvcnQtMS53ZWJwIn0%3D\">\n\t\t\t\t\t\t\t<img loading=\"lazy\" decoding=\"async\" width=\"800\" height=\"534\" src=\"https:\/\/atriumautomobile.de\/wp-content\/uploads\/2024\/03\/BMW-430-Gran-Coupe-Sport-1-1024x684.webp\" class=\"attachment-large size-large wp-image-2560\" alt=\"BMW 430 Gran Coupe\" srcset=\"https:\/\/atriumautomobile.de\/wp-content\/uploads\/2024\/03\/BMW-430-Gran-Coupe-Sport-1-1024x684.webp 1024w, https:\/\/atriumautomobile.de\/wp-content\/uploads\/2024\/03\/BMW-430-Gran-Coupe-Sport-1-300x200.webp 300w, https:\/\/atriumautomobile.de\/wp-content\/uploads\/2024\/03\/BMW-430-Gran-Coupe-Sport-1-768x513.webp 768w, https:\/\/atriumautomobile.de\/wp-content\/uploads\/2024\/03\/BMW-430-Gran-Coupe-Sport-1-1536x1026.webp 1536w, https:\/\/atriumautomobile.de\/wp-content\/uploads\/2024\/03\/BMW-430-Gran-Coupe-Sport-1-2048x1368.webp 2048w\" sizes=\"(max-width: 800px) 100vw, 800px\" \/>\t\t\t\t\t\t\t\t<\/a>\n\t\t\t\t\t\t\t\t\t\t\t<figcaption class=\"widget-image-caption wp-caption-text\">BMW 4er<\/figcaption>\n\t\t\t\t\t\t\t\t\t\t<\/figure>\n\t\t\t\t\t\t\t\t\t<\/div>\n\t\t\t\t<\/div>\n\t\t\t\t<div class=\"elementor-element elementor-element-1ee9ecc elementor-widget elementor-widget-text-editor\" data-id=\"1ee9ecc\" data-element_type=\"widget\" data-e-type=\"widget\" data-widget_type=\"text-editor.default\">\n\t\t\t\t<div class=\"elementor-widget-container\">\n\t\t\t\t\t\t\t\t\t<p><span class=\"data bold\">BMW 430 Gran Coupe i SPORT LINE*Steptr LED Leder 19*<\/span><span class=\"data\">251 PS | 1998 ccm | Automatikgetriebe <\/span><span class=\"data\">6.2l\/100km | 142g\/km CO2<br \/>Effizienzklasse<br \/>Erstzulassung<\/span><span class=\"data\">: 31.10.2020<br \/><\/span><span class=\"data\">Laufleistung: 56.321km<\/span><\/p>\t\t\t\t\t\t\t\t<\/div>\n\t\t\t\t<\/div>\n\t\t<div class=\"elementor-element elementor-element-50f6a07 e-flex e-con-boxed e-con e-parent\" data-id=\"50f6a07\" data-element_type=\"container\" data-e-type=\"container\">\n\t\t\t\t\t<div class=\"e-con-inner\">\n\t\t\t\t<div data-dce-background-color=\"#595959\" class=\"elementor-element elementor-element-8ec960e elementor-widget__width-auto elementor-widget elementor-widget-button\" data-id=\"8ec960e\" data-element_type=\"widget\" data-e-type=\"widget\" data-widget_type=\"button.default\">\n\t\t\t\t<div class=\"elementor-widget-container\">\n\t\t\t\t\t\t\t\t\t<div class=\"elementor-button-wrapper\">\n\t\t\t\t\t<a class=\"elementor-button elementor-size-xs\" role=\"button\">\n\t\t\t\t\t\t<span class=\"elementor-button-content-wrapper\">\n\t\t\t\t\t\t\t\t\t<span class=\"elementor-button-text\">34.180,-\u20ac<\/span>\n\t\t\t\t\t<\/span>\n\t\t\t\t\t<\/a>\n\t\t\t\t<\/div>\n\t\t\t\t\t\t\t\t<\/div>\n\t\t\t\t<\/div>\n\t\t\t\t<div data-dce-background-color=\"#C1121F\" class=\"elementor-element elementor-element-220b2eb elementor-widget elementor-widget-button\" data-id=\"220b2eb\" data-element_type=\"widget\" data-e-type=\"widget\" data-widget_type=\"button.default\">\n\t\t\t\t<div class=\"elementor-widget-container\">\n\t\t\t\t\t\t\t\t\t<div class=\"elementor-button-wrapper\">\n\t\t\t\t\t<a class=\"elementor-button elementor-button-link elementor-size-xs\" href=\"mailto:ujauto@nemetorszagiautovasarlas.de\">\n\t\t\t\t\t\t<span class=\"elementor-button-content-wrapper\">\n\t\t\t\t\t\t<span class=\"elementor-button-icon\">\n\t\t\t\t<svg aria-hidden=\"true\" class=\"e-font-icon-svg e-fas-angle-right\" viewBox=\"0 0 256 512\" xmlns=\"http:\/\/www.w3.org\/2000\/svg\"><path d=\"M224.3 273l-136 136c-9.4 9.4-24.6 9.4-33.9 0l-22.6-22.6c-9.4-9.4-9.4-24.6 0-33.9l96.4-96.4-96.4-96.4c-9.4-9.4-9.4-24.6 0-33.9L54.3 103c9.4-9.4 24.6-9.4 33.9 0l136 136c9.5 9.4 9.5 24.6.1 34z\"><\/path><\/svg>\t\t\t<\/span>\n\t\t\t\t\t\t\t\t\t<span class=\"elementor-button-text\">Mehr Info <\/span>\n\t\t\t\t\t<\/span>\n\t\t\t\t\t<\/a>\n\t\t\t\t<\/div>\n\t\t\t\t\t\t\t\t<\/div>\n\t\t\t\t<\/div>\n\t\t\t\t\t<\/div>\n\t\t\t\t<\/div>\n\t\t\t\t\t<\/div>\n\t\t<\/div>\n\t\t\t\t<div class=\"elementor-column elementor-col-33 elementor-inner-column elementor-element elementor-element-2a5769d\" data-id=\"2a5769d\" data-element_type=\"column\" data-e-type=\"column\">\n\t\t\t<div class=\"elementor-widget-wrap elementor-element-populated\">\n\t\t\t\t\t\t<div class=\"elementor-element elementor-element-0fe3066 dce_masking-none elementor-widget elementor-widget-image\" data-id=\"0fe3066\" data-element_type=\"widget\" data-e-type=\"widget\" data-widget_type=\"image.default\">\n\t\t\t\t<div class=\"elementor-widget-container\">\n\t\t\t\t\t\t\t\t\t\t\t\t<figure class=\"wp-caption\">\n\t\t\t\t\t\t\t\t\t\t\t<a href=\"https:\/\/atriumautomobile.de\/wp-content\/uploads\/2024\/03\/Hyundai-IONIQ-5-1.webp\" data-elementor-open-lightbox=\"yes\" data-elementor-lightbox-title=\"Hyundai IONIQ 5 Techniq\" data-elementor-lightbox-description=\"Hyundai IONIQ 5 Gebrauchtwagen\" data-e-action-hash=\"#elementor-action%3Aaction%3Dlightbox%26settings%3DeyJpZCI6MjU2MiwidXJsIjoiaHR0cHM6XC9cL2F0cml1bWF1dG9tb2JpbGUuZGVcL3dwLWNvbnRlbnRcL3VwbG9hZHNcLzIwMjRcLzAzXC9IeXVuZGFpLUlPTklRLTUtMS53ZWJwIn0%3D\">\n\t\t\t\t\t\t\t<img loading=\"lazy\" decoding=\"async\" width=\"800\" height=\"534\" src=\"https:\/\/atriumautomobile.de\/wp-content\/uploads\/2024\/03\/Hyundai-IONIQ-5-1-1024x684.webp\" class=\"attachment-large size-large wp-image-2562\" alt=\"Hyundai IONIQ 5 Techniq\" srcset=\"https:\/\/atriumautomobile.de\/wp-content\/uploads\/2024\/03\/Hyundai-IONIQ-5-1-1024x684.webp 1024w, https:\/\/atriumautomobile.de\/wp-content\/uploads\/2024\/03\/Hyundai-IONIQ-5-1-300x200.webp 300w, https:\/\/atriumautomobile.de\/wp-content\/uploads\/2024\/03\/Hyundai-IONIQ-5-1-768x513.webp 768w, https:\/\/atriumautomobile.de\/wp-content\/uploads\/2024\/03\/Hyundai-IONIQ-5-1-1536x1026.webp 1536w, https:\/\/atriumautomobile.de\/wp-content\/uploads\/2024\/03\/Hyundai-IONIQ-5-1-2048x1368.webp 2048w\" sizes=\"(max-width: 800px) 100vw, 800px\" \/>\t\t\t\t\t\t\t\t<\/a>\n\t\t\t\t\t\t\t\t\t\t\t<figcaption class=\"widget-image-caption wp-caption-text\">Hyundai IONIQ 5<\/figcaption>\n\t\t\t\t\t\t\t\t\t\t<\/figure>\n\t\t\t\t\t\t\t\t\t<\/div>\n\t\t\t\t<\/div>\n\t\t\t\t<div class=\"elementor-element elementor-element-690c2e7 elementor-widget elementor-widget-text-editor\" data-id=\"690c2e7\" data-element_type=\"widget\" data-e-type=\"widget\" data-widget_type=\"text-editor.default\">\n\t\t\t\t<div class=\"elementor-widget-container\">\n\t\t\t\t\t\t\t\t\t<p>IONIQ 5 Techniq Elektro 72,6kWh +20\\&#8217;\\&#8217;ALU+EL-HECKKLAPPE+NAVI+RFK+UVM | Teilleder<br \/>Limousine | 217 PS | Automatikgetriebe 0.0l\/100km | 0g\/km CO2<br \/>Effizienzklasse<br \/>Erstzulassung: 28.02.2022<br \/>Laufleistung: 27.591km<\/p>\t\t\t\t\t\t\t\t<\/div>\n\t\t\t\t<\/div>\n\t\t<div class=\"elementor-element elementor-element-69a6101 e-flex e-con-boxed e-con e-parent\" data-id=\"69a6101\" data-element_type=\"container\" data-e-type=\"container\">\n\t\t\t\t\t<div class=\"e-con-inner\">\n\t\t\t\t<div data-dce-background-color=\"#595959\" class=\"elementor-element elementor-element-0a9e0e2 elementor-widget__width-auto elementor-widget elementor-widget-button\" data-id=\"0a9e0e2\" data-element_type=\"widget\" data-e-type=\"widget\" data-widget_type=\"button.default\">\n\t\t\t\t<div class=\"elementor-widget-container\">\n\t\t\t\t\t\t\t\t\t<div class=\"elementor-button-wrapper\">\n\t\t\t\t\t<a class=\"elementor-button elementor-size-xs\" role=\"button\">\n\t\t\t\t\t\t<span class=\"elementor-button-content-wrapper\">\n\t\t\t\t\t\t\t\t\t<span class=\"elementor-button-text\">45.204,-\u20ac<\/span>\n\t\t\t\t\t<\/span>\n\t\t\t\t\t<\/a>\n\t\t\t\t<\/div>\n\t\t\t\t\t\t\t\t<\/div>\n\t\t\t\t<\/div>\n\t\t\t\t<div data-dce-background-color=\"#C1121F\" class=\"elementor-element elementor-element-b26a6df elementor-widget elementor-widget-button\" data-id=\"b26a6df\" data-element_type=\"widget\" data-e-type=\"widget\" data-widget_type=\"button.default\">\n\t\t\t\t<div class=\"elementor-widget-container\">\n\t\t\t\t\t\t\t\t\t<div class=\"elementor-button-wrapper\">\n\t\t\t\t\t<a class=\"elementor-button elementor-button-link elementor-size-xs\" href=\"mailto:ujauto@nemetorszagiautovasarlas.de\">\n\t\t\t\t\t\t<span class=\"elementor-button-content-wrapper\">\n\t\t\t\t\t\t<span class=\"elementor-button-icon\">\n\t\t\t\t<svg aria-hidden=\"true\" class=\"e-font-icon-svg e-fas-angle-right\" viewBox=\"0 0 256 512\" xmlns=\"http:\/\/www.w3.org\/2000\/svg\"><path d=\"M224.3 273l-136 136c-9.4 9.4-24.6 9.4-33.9 0l-22.6-22.6c-9.4-9.4-9.4-24.6 0-33.9l96.4-96.4-96.4-96.4c-9.4-9.4-9.4-24.6 0-33.9L54.3 103c9.4-9.4 24.6-9.4 33.9 0l136 136c9.5 9.4 9.5 24.6.1 34z\"><\/path><\/svg>\t\t\t<\/span>\n\t\t\t\t\t\t\t\t\t<span class=\"elementor-button-text\">Mehr Info <\/span>\n\t\t\t\t\t<\/span>\n\t\t\t\t\t<\/a>\n\t\t\t\t<\/div>\n\t\t\t\t\t\t\t\t<\/div>\n\t\t\t\t<\/div>\n\t\t\t\t\t<\/div>\n\t\t\t\t<\/div>\n\t\t\t\t\t<\/div>\n\t\t<\/div>\n\t\t\t\t\t<\/div>\n\t\t<\/section>\n\t\t\t\t<div class=\"elementor-element elementor-element-3bdcb2f elementor-widget elementor-widget-spacer\" data-id=\"3bdcb2f\" data-element_type=\"widget\" data-e-type=\"widget\" data-widget_type=\"spacer.default\">\n\t\t\t\t<div class=\"elementor-widget-container\">\n\t\t\t\t\t\t\t<div class=\"elementor-spacer\">\n\t\t\t<div class=\"elementor-spacer-inner\"><\/div>\n\t\t<\/div>\n\t\t\t\t\t\t<\/div>\n\t\t\t\t<\/div>\n\t\t\t\t<div data-dce-background-color=\"#C1121F\" class=\"elementor-element elementor-element-d53fd4f elementor-align-center elementor-widget elementor-widget-button\" data-id=\"d53fd4f\" data-element_type=\"widget\" data-e-type=\"widget\" data-widget_type=\"button.default\">\n\t\t\t\t<div class=\"elementor-widget-container\">\n\t\t\t\t\t\t\t\t\t<div class=\"elementor-button-wrapper\">\n\t\t\t\t\t<a class=\"elementor-button elementor-button-link elementor-size-sm\" href=\"https:\/\/atriumautomobile.de\/hasznaltautok\/\">\n\t\t\t\t\t\t<span class=\"elementor-button-content-wrapper\">\n\t\t\t\t\t\t\t\t\t<span class=\"elementor-button-text\">Gebrauchtwagen-Angebote anzeigen<\/span>\n\t\t\t\t\t<\/span>\n\t\t\t\t\t<\/a>\n\t\t\t\t<\/div>\n\t\t\t\t\t\t\t\t<\/div>\n\t\t\t\t<\/div>\n\t\t\t\t<div class=\"elementor-element elementor-element-8f348ef elementor-widget elementor-widget-spacer\" data-id=\"8f348ef\" data-element_type=\"widget\" data-e-type=\"widget\" data-widget_type=\"spacer.default\">\n\t\t\t\t<div class=\"elementor-widget-container\">\n\t\t\t\t\t\t\t<div class=\"elementor-spacer\">\n\t\t\t<div class=\"elementor-spacer-inner\"><\/div>\n\t\t<\/div>\n\t\t\t\t\t\t<\/div>\n\t\t\t\t<\/div>\n\t\t\t\t\t<\/div>\n\t\t<\/div>\n\t\t\t\t\t<\/div>\n\t\t<\/section>\n\t\t<div data-dce-background-color=\"#F5F5F7\" class=\"elementor-element elementor-element-3e0c36d e-flex e-con-boxed e-con e-parent\" data-id=\"3e0c36d\" data-element_type=\"container\" data-e-type=\"container\" data-settings=\"{&quot;background_background&quot;:&quot;classic&quot;}\">\n\t\t\t\t\t<div class=\"e-con-inner\">\n\t\t\t\t<div class=\"elementor-element elementor-element-ab1a0e2 elementor-widget elementor-widget-heading\" data-id=\"ab1a0e2\" data-element_type=\"widget\" data-e-type=\"widget\" data-widget_type=\"heading.default\">\n\t\t\t\t<div class=\"elementor-widget-container\">\n\t\t\t\t\t<h2 class=\"elementor-heading-title elementor-size-default\">Willkommen in der Mediathek von Atrium Automobile!<\/h2>\t\t\t\t<\/div>\n\t\t\t\t<\/div>\n\t\t\t\t<div class=\"elementor-element elementor-element-40c31de elementor-widget elementor-widget-text-editor\" data-id=\"40c31de\" data-element_type=\"widget\" data-e-type=\"widget\" data-widget_type=\"text-editor.default\">\n\t\t\t\t<div class=\"elementor-widget-container\">\n\t\t\t\t\t\t\t\t\t<p>Der perfekte Autokanal: aktuelle Autonews und unschlagbare Preise!<\/p>\t\t\t\t\t\t\t\t<\/div>\n\t\t\t\t<\/div>\n\t\t\t\t\t<\/div>\n\t\t\t\t<\/div>\n\t\t<div class=\"elementor-element elementor-element-a15ffdc e-flex e-con-boxed e-con e-parent\" data-id=\"a15ffdc\" data-element_type=\"container\" data-e-type=\"container\" data-settings=\"{&quot;background_background&quot;:&quot;classic&quot;}\">\n\t\t\t\t\t<div class=\"e-con-inner\">\n\t\t<div class=\"elementor-element elementor-element-2649b57 e-con-full e-flex e-con e-child\" data-id=\"2649b57\" data-element_type=\"container\" data-e-type=\"container\">\n\t\t\t\t<div class=\"elementor-element elementor-element-d80be11 elementor-widget elementor-widget-text-editor\" data-id=\"d80be11\" data-element_type=\"widget\" data-e-type=\"widget\" data-widget_type=\"text-editor.default\">\n\t\t\t\t<div class=\"elementor-widget-container\">\n\t\t\t\t\t\t\t\t\t<p>Entdecken Sie auf unserem YouTube-Kanal die aufregendsten Autoreviews verschiedener Marken und Herstellern. Hier pr\u00e4sentieren wir Ihnen, was es Neues in der Welt der Automobilnachrichten gibt. Und das Beste daran? Sie k\u00f6nnen diese Fahrzeuge direkt in unserem Lager mit bis zu 40% Rabatt kaufen! Tauchen Sie ein in die Welt der Mobilit\u00e4t und besuchen Sie unsere Mediathek. Erfahren Sie alles \u00fcber die neuesten Modelle, Technologien und Fahrerlebnisse. Vergessen Sie nicht, unseren Kanal zu abonnieren!<\/p>\t\t\t\t\t\t\t\t<\/div>\n\t\t\t\t<\/div>\n\t\t\t\t<div class=\"elementor-element elementor-element-7b8f1ce elementor-align-left elementor-widget elementor-widget-button\" data-id=\"7b8f1ce\" data-element_type=\"widget\" data-e-type=\"widget\" data-widget_type=\"button.default\">\n\t\t\t\t<div class=\"elementor-widget-container\">\n\t\t\t\t\t\t\t\t\t<div class=\"elementor-button-wrapper\">\n\t\t\t\t\t<a class=\"elementor-button elementor-button-link elementor-size-sm\" href=\"https:\/\/www.youtube.com\/@autobehozatalnemetorszagbol\" target=\"_blank\" rel=\"noopener\">\n\t\t\t\t\t\t<span class=\"elementor-button-content-wrapper\">\n\t\t\t\t\t\t\t\t\t<span class=\"elementor-button-text\">Zum Kanal<\/span>\n\t\t\t\t\t<\/span>\n\t\t\t\t\t<\/a>\n\t\t\t\t<\/div>\n\t\t\t\t\t\t\t\t<\/div>\n\t\t\t\t<\/div>\n\t\t\t\t<\/div>\n\t\t<div class=\"elementor-element elementor-element-409bd21 e-con-full e-flex e-con e-child\" data-id=\"409bd21\" data-element_type=\"container\" data-e-type=\"container\">\n\t\t\t\t<div class=\"elementor-element elementor-element-c5e0acc dce_masking-none elementor-widget elementor-widget-image\" data-id=\"c5e0acc\" data-element_type=\"widget\" data-e-type=\"widget\" data-widget_type=\"image.default\">\n\t\t\t\t<div class=\"elementor-widget-container\">\n\t\t\t\t\t\t\t\t\t\t\t\t\t\t\t<img loading=\"lazy\" decoding=\"async\" width=\"800\" height=\"386\" src=\"https:\/\/atriumautomobile.de\/wp-content\/uploads\/2024\/03\/Atrium-Automobile-YouTube_DE-1-1024x494.webp\" class=\"attachment-large size-large wp-image-2766\" alt=\"Atrium Automobile YouTube_DE\" srcset=\"https:\/\/atriumautomobile.de\/wp-content\/uploads\/2024\/03\/Atrium-Automobile-YouTube_DE-1-1024x494.webp 1024w, https:\/\/atriumautomobile.de\/wp-content\/uploads\/2024\/03\/Atrium-Automobile-YouTube_DE-1-300x145.webp 300w, https:\/\/atriumautomobile.de\/wp-content\/uploads\/2024\/03\/Atrium-Automobile-YouTube_DE-1-768x371.webp 768w, https:\/\/atriumautomobile.de\/wp-content\/uploads\/2024\/03\/Atrium-Automobile-YouTube_DE-1-1536x742.webp 1536w, https:\/\/atriumautomobile.de\/wp-content\/uploads\/2024\/03\/Atrium-Automobile-YouTube_DE-1-2048x989.webp 2048w\" sizes=\"(max-width: 800px) 100vw, 800px\" \/>\t\t\t\t\t\t\t\t\t\t\t\t\t\t\t<\/div>\n\t\t\t\t<\/div>\n\t\t\t\t<\/div>\n\t\t\t\t\t<\/div>\n\t\t\t\t<\/div>\n\t\t<div class=\"elementor-element elementor-element-2d5f719 e-flex e-con-boxed e-con e-parent\" data-id=\"2d5f719\" data-element_type=\"container\" data-e-type=\"container\">\n\t\t\t\t\t<div class=\"e-con-inner\">\n\t\t\t\t<div class=\"elementor-element elementor-element-0453af1 elementor-widget elementor-widget-spacer\" data-id=\"0453af1\" data-element_type=\"widget\" data-e-type=\"widget\" data-widget_type=\"spacer.default\">\n\t\t\t\t<div class=\"elementor-widget-container\">\n\t\t\t\t\t\t\t<div class=\"elementor-spacer\">\n\t\t\t<div class=\"elementor-spacer-inner\"><\/div>\n\t\t<\/div>\n\t\t\t\t\t\t<\/div>\n\t\t\t\t<\/div>\n\t\t\t\t<div class=\"elementor-element elementor-element-1639980 elementor-widget elementor-widget-heading\" data-id=\"1639980\" data-element_type=\"widget\" data-e-type=\"widget\" data-widget_type=\"heading.default\">\n\t\t\t\t<div class=\"elementor-widget-container\">\n\t\t\t\t\t<h3 class=\"elementor-heading-title elementor-size-default\">Das sagen unsere Kunden<\/h3>\t\t\t\t<\/div>\n\t\t\t\t<\/div>\n\t\t\t\t<div class=\"elementor-element elementor-element-29eabe3 elementor-widget elementor-widget-html\" data-id=\"29eabe3\" data-element_type=\"widget\" data-e-type=\"widget\" data-widget_type=\"html.default\">\n\t\t\t\t<div class=\"elementor-widget-container\">\n\t\t\t\t\t<script defer async src='https:\/\/cdn.trustindex.io\/loader.js?b2fd29c26e0893360386863a6f7'><\/script>\t\t\t\t<\/div>\n\t\t\t\t<\/div>\n\t\t\t\t<div class=\"elementor-element elementor-element-80a65fd elementor-align-center elementor-widget elementor-widget-button\" data-id=\"80a65fd\" data-element_type=\"widget\" data-e-type=\"widget\" data-widget_type=\"button.default\">\n\t\t\t\t<div class=\"elementor-widget-container\">\n\t\t\t\t\t\t\t\t\t<div class=\"elementor-button-wrapper\">\n\t\t\t\t\t<a class=\"elementor-button elementor-button-link elementor-size-sm\" href=\"https:\/\/atriumautomobile.de\/velemenyek\/\">\n\t\t\t\t\t\t<span class=\"elementor-button-content-wrapper\">\n\t\t\t\t\t\t\t\t\t<span class=\"elementor-button-text\">Weitere zufriedene Kunden anzeigen <\/span>\n\t\t\t\t\t<\/span>\n\t\t\t\t\t<\/a>\n\t\t\t\t<\/div>\n\t\t\t\t\t\t\t\t<\/div>\n\t\t\t\t<\/div>\n\t\t\t\t\t<\/div>\n\t\t\t\t<\/div>\n\t\t\t\t<\/div>\n\t\t","protected":false},"excerpt":{"rendered":"<p>NEUWAGEN ONLINE KAUFENBis zu -40% sparen beim Neuwagenkauf Die besten Neuwagen-AngeboteAlle Neuwagen anzeigenGEBRAUCHTWAGEN ONLINE KAUFENKauf dein Auto einfach online! Finanzierung, Garantie und LieferungAlle Gebrauchtwagen anzeigen Atrium Automobile &#8211; EU-Neuwagen und Gebrauchtwagen Sonderangebote f\u00fcr Neu- und Gebrauchtwagen und Leasing Mit \u00fcber 20 Jahren Erfahrung sind wir ein zuverl\u00e4ssiger Partner f\u00fcr den Autokauf und damit verbundene Dienstleistungen [&hellip;]<\/p>\n","protected":false},"author":1,"featured_media":251,"parent":0,"menu_order":0,"comment_status":"closed","ping_status":"closed","template":"","meta":{"footnotes":""},"class_list":["post-1587","page","type-page","status-publish","has-post-thumbnail","hentry"],"_links":{"self":[{"href":"https:\/\/atriumautomobile.de\/de\/wp-json\/wp\/v2\/pages\/1587","targetHints":{"allow":["GET"]}}],"collection":[{"href":"https:\/\/atriumautomobile.de\/de\/wp-json\/wp\/v2\/pages"}],"about":[{"href":"https:\/\/atriumautomobile.de\/de\/wp-json\/wp\/v2\/types\/page"}],"author":[{"embeddable":true,"href":"https:\/\/atriumautomobile.de\/de\/wp-json\/wp\/v2\/users\/1"}],"replies":[{"embeddable":true,"href":"https:\/\/atriumautomobile.de\/de\/wp-json\/wp\/v2\/comments?post=1587"}],"version-history":[{"count":0,"href":"https:\/\/atriumautomobile.de\/de\/wp-json\/wp\/v2\/pages\/1587\/revisions"}],"wp:featuredmedia":[{"embeddable":true,"href":"https:\/\/atriumautomobile.de\/de\/wp-json\/wp\/v2\/media\/251"}],"wp:attachment":[{"href":"https:\/\/atriumautomobile.de\/de\/wp-json\/wp\/v2\/media?parent=1587"}],"curies":[{"name":"wp","href":"https:\/\/api.w.org\/{rel}","templated":true}]}}